{"id":102,"date":"2017-11-13T18:01:56","date_gmt":"2017-11-13T17:01:56","guid":{"rendered":"http:\/\/www.jeveuxmonsiteweb.com\/lalogedevigne\/?page_id=102"},"modified":"2021-04-20T12:55:20","modified_gmt":"2021-04-20T10:55:20","slug":"contact-reservation","status":"publish","type":"page","link":"https:\/\/www.loge-de-vigne.fr\/fr\/contact-reservation\/","title":{"rendered":"Contact\/R\u00e9servation"},"content":{"rendered":"<p>[et_pb_section fb_built=\u00a0\u00bb1&Prime; _builder_version=\u00a0\u00bb3.0.87&Prime; background_image=\u00a0\u00bb\/fr\/wp-content\/uploads\/2017\/11\/header-site.jpg\u00a0\u00bb custom_padding=\u00a0\u00bb135px|0px|166px|0px\u00a0\u00bb][\/et_pb_section][et_pb_section fb_built=\u00a0\u00bb1&Prime; _builder_version=\u00a0\u00bb3.0.87&Prime;][et_pb_row _builder_version=\u00a0\u00bb3.0.87&Prime;][et_pb_column type=\u00a0\u00bb4_4&Prime; _builder_version=\u00a0\u00bb3.0.87&Prime; parallax=\u00a0\u00bboff\u00a0\u00bb parallax_method=\u00a0\u00bbon\u00a0\u00bb][et_pb_text _builder_version=\u00a0\u00bb3.0.87&Prime; text_font=\u00a0\u00bb||||||||\u00a0\u00bb ul_font=\u00a0\u00bb||||||||\u00a0\u00bb header_font=\u00a0\u00bb|700|||||||\u00a0\u00bb text_orientation=\u00a0\u00bbcenter\u00a0\u00bb]<\/p>\n<h1 class=\"vc_custom_heading\">Comment venir\/r\u00e9servation<\/h1>\n<p>[\/et_pb_text][\/et_pb_column][\/et_pb_row][et_pb_row _builder_version=\u00a0\u00bb3.0.87&Prime;][et_pb_column type=\u00a0\u00bb1_2&Prime; _builder_version=\u00a0\u00bb3.0.87&Prime; parallax=\u00a0\u00bboff\u00a0\u00bb parallax_method=\u00a0\u00bbon\u00a0\u00bb][et_pb_text _builder_version=\u00a0\u00bb3.0.87&Prime; text_font=\u00a0\u00bb||||||||\u00a0\u00bb header_font=\u00a0\u00bb||||||||\u00a0\u00bb header_text_align=\u00a0\u00bbleft\u00a0\u00bb text_orientation=\u00a0\u00bbright\u00a0\u00bb]<\/p>\n<h2>R\u00e9servation<\/h2>\n<h4 style=\"text-align: center;\">D\u00e8s r\u00e9ception de votre r\u00e9servation, nous vous confirmerons la<\/h4>\n<h4 style=\"text-align: center;\">disponibilit\u00e9. Bienvenue \u00e0 La Loge de Vigne !<\/h4>\n<h2>Offrez un s\u00e9jour !<\/h2>\n<p>Un cadeau original et inoubliable \u00e0 vos proches: un week-end \u00e0 La Loge de Vigne, un plateau \u00ab\u00a0Champagne\u00a0\u00bb, un bouquet de fleurs\u2026<\/p>\n<p>Nous vous adresserons une jolie enveloppe cadeau \u00e0 leur remettre.<\/p>\n<p>[\/et_pb_text][et_pb_text _builder_version=\u00a0\u00bb3.0.87&Prime;]<\/p>\n<ul>\n<li>Arriv\u00e9e \u00e0 partir de 17 h 30.<\/li>\n<li>D\u00e9part avant 11h 30.<\/li>\n<li>Possibilit\u00e9 de d\u00e9poser les bagages avant 14h.<\/li>\n<li>Petits d\u00e9jeuners servis entre 9h et 10h30.<\/li>\n<li>Chambres non fumeurs<\/li>\n<li>Nos amis les animaux ne sont pas accept\u00e9s.<\/li>\n<li><strong>S\u00e9jour de deux nuits minimum requis.<\/strong><\/li>\n<\/ul>\n<p>[\/et_pb_text][\/et_pb_column][et_pb_column type=\u00a0\u00bb1_2&Prime; _builder_version=\u00a0\u00bb3.0.87&Prime; parallax=\u00a0\u00bboff\u00a0\u00bb parallax_method=\u00a0\u00bbon\u00a0\u00bb][et_pb_text _builder_version=\u00a0\u00bb3.0.87&Prime;]<\/p>\n<h3>La Loge de Vigne,<\/h3>\n<p>21 rue des Vignes 51700 Villers sous Chatillon.<\/p>\n<p>[\/et_pb_text][et_pb_blurb title=\u00a0\u00bbEn avion:\u00a0\u00bb image=\u00a0\u00bb\/fr\/wp-content\/uploads\/2017\/12\/icon-avion.png\u00a0\u00bb icon_placement=\u00a0\u00bbleft\u00a0\u00bb _builder_version=\u00a0\u00bb3.0.87&Prime;]<\/p>\n<p>l\u2019a\u00e9roport Roissy-Charles-de-Gaulle est \u00e0 1 heure de voiture.<br \/>\nDepuis l\u2019a\u00e9roport, des TGV arrivent \u00e0 Reims en 45 mn.<\/p>\n<p>[\/et_pb_blurb][et_pb_blurb title=\u00a0\u00bbEn voiture :\u00a0\u00bb image=\u00a0\u00bb\/fr\/wp-content\/uploads\/2017\/12\/icon-voiture.png\u00a0\u00bb icon_placement=\u00a0\u00bbleft\u00a0\u00bb _builder_version=\u00a0\u00bb3.0.87&Prime;]<\/p>\n<p>de Paris, prendre l\u2019Autoroute A4 Direction Metz\/Nancy, sortie n\u00b0 21 : Epernay-Dormans, puis 10 km par les villages d\u2019Anthenay, Ch\u00e2tillon-sus-Marne (belle vue panoramique\u2026)<br \/>\nDur\u00e9e totale depuis Paris : 1 h 30.<\/p>\n<p>[\/et_pb_blurb][et_pb_blurb title=\u00a0\u00bbEn train :\u00a0\u00bb image=\u00a0\u00bb\/fr\/wp-content\/uploads\/2017\/12\/icon-train.png\u00a0\u00bb icon_placement=\u00a0\u00bbleft\u00a0\u00bb _builder_version=\u00a0\u00bb3.0.87&Prime;]<\/p>\n<p>la Gare SNCF d\u2019Epernay se trouve \u00e0 15 Km .<br \/>\nla Gare de Reims se trouve \u00e0 40 Km.<\/p>\n<p>[\/et_pb_blurb][\/et_pb_column][\/et_pb_row][\/et_pb_section][et_pb_section fb_built=\u00a0\u00bb1&Prime; _builder_version=\u00a0\u00bb3.0.87&Prime; border_width_top=\u00a0\u00bb2px\u00a0\u00bb border_color_top=\u00a0\u00bb#baaa70&Prime; border_style_top=\u00a0\u00bbdotted\u00a0\u00bb][et_pb_row _builder_version=\u00a0\u00bb3.0.87&Prime;][et_pb_column type=\u00a0\u00bb4_4&Prime; _builder_version=\u00a0\u00bb3.0.87&Prime; parallax=\u00a0\u00bboff\u00a0\u00bb parallax_method=\u00a0\u00bbon\u00a0\u00bb][et_pb_text _builder_version=\u00a0\u00bb3.0.87&Prime; text_font=\u00a0\u00bb||||||||\u00a0\u00bb ul_font=\u00a0\u00bb||||||||\u00a0\u00bb text_orientation=\u00a0\u00bbcenter\u00a0\u00bb]<\/p>\n<h1 class=\"vc_custom_heading\">R\u00e9server une chambre<\/h1>\n<p>[\/et_pb_text][et_pb_code _builder_version=\u00a0\u00bb3.0.87&Prime;]&lt;p&gt;&lt;\/p&gt;&lt;!&#8211; [et_pb_line_break_holder] &#8211;&gt;&lt;p&gt;&lt;!&#8211; [et_pb_line_break_holder] &#8211;&gt;&lt;\/p&gt;&lt;!&#8211; [et_pb_line_break_holder] &#8211;&gt;&lt;p&gt;&lt;!&#8211; [et_pb_line_break_holder] &#8211;&gt;&lt;!&#8211; [et_pb_line_break_holder] &#8211;&gt;&lt;\/p&gt;&lt;!&#8211; [et_pb_line_break_holder] &#8211;&gt;&lt;p&gt;&lt;!&#8211; [et_pb_line_break_holder] &#8211;&gt;&lt;\/p&gt;&lt;!&#8211; [et_pb_line_break_holder] &#8211;&gt;[\/et_pb_code][\/et_pb_column][\/et_pb_row][\/et_pb_section][et_pb_section fb_built=\u00a0\u00bb1&Prime; fullwidth=\u00a0\u00bbon\u00a0\u00bb _builder_version=\u00a0\u00bb3.0.87&Prime;][et_pb_fullwidth_code _builder_version=\u00a0\u00bb3.0.87&Prime;]&lt;iframe src=&quot;https:\/\/www.google.com\/maps\/embed?pb=!1m14!1m8!1m3!1d10449.870118274273!2d3.797793!3d49.096758!3m2!1i1024!2i768!4f13.1!3m3!1m2!1s0x0%3A0xdf1cd8fdf08db551!2sLa+Loge+de+Vigne!5e0!3m2!1sfr!2sfr!4v1513695201387&quot; width=&quot;100%&quot; height=&quot;550&quot; frameborder=&quot;0&quot; style=&quot;border:0&quot; allowfullscreen&gt;&lt;\/iframe&gt;[\/et_pb_fullwidth_code][\/et_pb_section]<\/p>\n","protected":false},"excerpt":{"rendered":"<p>[et_pb_section fb_built=\u00a0\u00bb1&Prime; _builder_version=\u00a0\u00bb3.0.87&Prime; background_image=\u00a0\u00bb\/fr\/wp-content\/uploads\/2017\/11\/header-site.jpg\u00a0\u00bb custom_padding=\u00a0\u00bb135px|0px|166px|0px\u00a0\u00bb][\/et_pb_section][et_pb_section fb_built=\u00a0\u00bb1&Prime; _builder_version=\u00a0\u00bb3.0.87&Prime;][et_pb_row _builder_version=\u00a0\u00bb3.0.87&Prime;][et_pb_column type=\u00a0\u00bb4_4&Prime; _builder_version=\u00a0\u00bb3.0.87&Prime; parallax=\u00a0\u00bboff\u00a0\u00bb parallax_method=\u00a0\u00bbon\u00a0\u00bb][et_pb_text _builder_version=\u00a0\u00bb3.0.87&Prime; text_font=\u00a0\u00bb||||||||\u00a0\u00bb ul_font=\u00a0\u00bb||||||||\u00a0\u00bb header_font=\u00a0\u00bb|700|||||||\u00a0\u00bb text_orientation=\u00a0\u00bbcenter\u00a0\u00bb] Comment venir\/r\u00e9servation [\/et_pb_text][\/et_pb_column][\/et_pb_row][et_pb_row _builder_version=\u00a0\u00bb3.0.87&Prime;][et_pb_column type=\u00a0\u00bb1_2&Prime; _builder_version=\u00a0\u00bb3.0.87&Prime; parallax=\u00a0\u00bboff\u00a0\u00bb parallax_method=\u00a0\u00bbon\u00a0\u00bb][et_pb_text _builder_version=\u00a0\u00bb3.0.87&Prime; text_font=\u00a0\u00bb||||||||\u00a0\u00bb header_font=\u00a0\u00bb||||||||\u00a0\u00bb header_text_align=\u00a0\u00bbleft\u00a0\u00bb text_orientation=\u00a0\u00bbright\u00a0\u00bb] R\u00e9servation D\u00e8s r\u00e9ception de votre r\u00e9servation, nous vous confirmerons la disponibilit\u00e9. Bienvenue \u00e0 La Loge de Vigne ! Offrez un s\u00e9jour ! Un cadeau original [&hellip;]<\/p>\n","protected":false},"author":1,"featured_media":0,"parent":0,"menu_order":0,"comment_status":"closed","ping_status":"closed","template":"","meta":{"footnotes":""},"class_list":["post-102","page","type-page","status-publish","hentry"],"yoast_head":"<!-- This site is optimized with the Yoast SEO plugin v23.0 - https:\/\/yoast.com\/wordpress\/plugins\/seo\/ -->\n<title>Contact\/R\u00e9servation - La Loge de Vigne<\/title>\n<meta name=\"robots\" content=\"index, follow, max-snippet:-1, max-image-preview:large, max-video-preview:-1\" \/>\n<link rel=\"canonical\" href=\"https:\/\/www.loge-de-vigne.fr\/fr\/contact-reservation\/\" \/>\n<meta property=\"og:locale\" content=\"fr_FR\" \/>\n<meta property=\"og:type\" content=\"article\" \/>\n<meta property=\"og:title\" content=\"Contact\/R\u00e9servation - La Loge de Vigne\" \/>\n<meta property=\"og:description\" content=\"[et_pb_section fb_built=\u00a0\u00bb1&Prime; _builder_version=\u00a0\u00bb3.0.87&Prime; background_image=\u00a0\u00bb\/fr\/wp-content\/uploads\/2017\/11\/header-site.jpg\u00a0\u00bb custom_padding=\u00a0\u00bb135px|0px|166px|0px\u00a0\u00bb][\/et_pb_section][et_pb_section fb_built=\u00a0\u00bb1&Prime; _builder_version=\u00a0\u00bb3.0.87&Prime;][et_pb_row _builder_version=\u00a0\u00bb3.0.87&Prime;][et_pb_column type=\u00a0\u00bb4_4&Prime; _builder_version=\u00a0\u00bb3.0.87&Prime; parallax=\u00a0\u00bboff\u00a0\u00bb parallax_method=\u00a0\u00bbon\u00a0\u00bb][et_pb_text _builder_version=\u00a0\u00bb3.0.87&Prime; text_font=\u00a0\u00bb||||||||\u00a0\u00bb ul_font=\u00a0\u00bb||||||||\u00a0\u00bb header_font=\u00a0\u00bb|700|||||||\u00a0\u00bb text_orientation=\u00a0\u00bbcenter\u00a0\u00bb] Comment venir\/r\u00e9servation [\/et_pb_text][\/et_pb_column][\/et_pb_row][et_pb_row _builder_version=\u00a0\u00bb3.0.87&Prime;][et_pb_column type=\u00a0\u00bb1_2&Prime; _builder_version=\u00a0\u00bb3.0.87&Prime; parallax=\u00a0\u00bboff\u00a0\u00bb parallax_method=\u00a0\u00bbon\u00a0\u00bb][et_pb_text _builder_version=\u00a0\u00bb3.0.87&Prime; text_font=\u00a0\u00bb||||||||\u00a0\u00bb header_font=\u00a0\u00bb||||||||\u00a0\u00bb header_text_align=\u00a0\u00bbleft\u00a0\u00bb text_orientation=\u00a0\u00bbright\u00a0\u00bb] R\u00e9servation D\u00e8s r\u00e9ception de votre r\u00e9servation, nous vous confirmerons la disponibilit\u00e9. Bienvenue \u00e0 La Loge de Vigne ! Offrez un s\u00e9jour ! Un cadeau original [&hellip;]\" \/>\n<meta property=\"og:url\" content=\"https:\/\/www.loge-de-vigne.fr\/fr\/contact-reservation\/\" \/>\n<meta property=\"og:site_name\" content=\"La Loge de Vigne\" \/>\n<meta property=\"article:modified_time\" content=\"2021-04-20T10:55:20+00:00\" \/>\n<meta name=\"twitter:card\" content=\"summary_large_image\" \/>\n<meta name=\"twitter:label1\" content=\"Dur\u00e9e de lecture estim\u00e9e\" \/>\n\t<meta name=\"twitter:data1\" content=\"3 minutes\" \/>\n<script type=\"application\/ld+json\" class=\"yoast-schema-graph\">{\"@context\":\"https:\/\/schema.org\",\"@graph\":[{\"@type\":\"WebPage\",\"@id\":\"https:\/\/www.loge-de-vigne.fr\/fr\/contact-reservation\/\",\"url\":\"https:\/\/www.loge-de-vigne.fr\/fr\/contact-reservation\/\",\"name\":\"Contact\/R\u00e9servation - La Loge de Vigne\",\"isPartOf\":{\"@id\":\"https:\/\/www.loge-de-vigne.fr\/fr\/#website\"},\"datePublished\":\"2017-11-13T17:01:56+00:00\",\"dateModified\":\"2021-04-20T10:55:20+00:00\",\"breadcrumb\":{\"@id\":\"https:\/\/www.loge-de-vigne.fr\/fr\/contact-reservation\/#breadcrumb\"},\"inLanguage\":\"fr-FR\",\"potentialAction\":[{\"@type\":\"ReadAction\",\"target\":[\"https:\/\/www.loge-de-vigne.fr\/fr\/contact-reservation\/\"]}]},{\"@type\":\"BreadcrumbList\",\"@id\":\"https:\/\/www.loge-de-vigne.fr\/fr\/contact-reservation\/#breadcrumb\",\"itemListElement\":[{\"@type\":\"ListItem\",\"position\":1,\"name\":\"Accueil\",\"item\":\"https:\/\/www.loge-de-vigne.fr\/fr\/\"},{\"@type\":\"ListItem\",\"position\":2,\"name\":\"Contact\/R\u00e9servation\"}]},{\"@type\":\"WebSite\",\"@id\":\"https:\/\/www.loge-de-vigne.fr\/fr\/#website\",\"url\":\"https:\/\/www.loge-de-vigne.fr\/fr\/\",\"name\":\"La Loge de Vigne\",\"description\":\"Chambres d&#039;h\u00f4tes de charme en Champagne\",\"potentialAction\":[{\"@type\":\"SearchAction\",\"target\":{\"@type\":\"EntryPoint\",\"urlTemplate\":\"https:\/\/www.loge-de-vigne.fr\/fr\/?s={search_term_string}\"},\"query-input\":\"required name=search_term_string\"}],\"inLanguage\":\"fr-FR\"}]}<\/script>\n<!-- \/ Yoast SEO plugin. -->","yoast_head_json":{"title":"Contact\/R\u00e9servation - La Loge de Vigne","robots":{"index":"index","follow":"follow","max-snippet":"max-snippet:-1","max-image-preview":"max-image-preview:large","max-video-preview":"max-video-preview:-1"},"canonical":"https:\/\/www.loge-de-vigne.fr\/fr\/contact-reservation\/","og_locale":"fr_FR","og_type":"article","og_title":"Contact\/R\u00e9servation - La Loge de Vigne","og_description":"[et_pb_section fb_built=\u00a0\u00bb1&Prime; _builder_version=\u00a0\u00bb3.0.87&Prime; background_image=\u00a0\u00bb\/fr\/wp-content\/uploads\/2017\/11\/header-site.jpg\u00a0\u00bb custom_padding=\u00a0\u00bb135px|0px|166px|0px\u00a0\u00bb][\/et_pb_section][et_pb_section fb_built=\u00a0\u00bb1&Prime; _builder_version=\u00a0\u00bb3.0.87&Prime;][et_pb_row _builder_version=\u00a0\u00bb3.0.87&Prime;][et_pb_column type=\u00a0\u00bb4_4&Prime; _builder_version=\u00a0\u00bb3.0.87&Prime; parallax=\u00a0\u00bboff\u00a0\u00bb parallax_method=\u00a0\u00bbon\u00a0\u00bb][et_pb_text _builder_version=\u00a0\u00bb3.0.87&Prime; text_font=\u00a0\u00bb||||||||\u00a0\u00bb ul_font=\u00a0\u00bb||||||||\u00a0\u00bb header_font=\u00a0\u00bb|700|||||||\u00a0\u00bb text_orientation=\u00a0\u00bbcenter\u00a0\u00bb] Comment venir\/r\u00e9servation [\/et_pb_text][\/et_pb_column][\/et_pb_row][et_pb_row _builder_version=\u00a0\u00bb3.0.87&Prime;][et_pb_column type=\u00a0\u00bb1_2&Prime; _builder_version=\u00a0\u00bb3.0.87&Prime; parallax=\u00a0\u00bboff\u00a0\u00bb parallax_method=\u00a0\u00bbon\u00a0\u00bb][et_pb_text _builder_version=\u00a0\u00bb3.0.87&Prime; text_font=\u00a0\u00bb||||||||\u00a0\u00bb header_font=\u00a0\u00bb||||||||\u00a0\u00bb header_text_align=\u00a0\u00bbleft\u00a0\u00bb text_orientation=\u00a0\u00bbright\u00a0\u00bb] R\u00e9servation D\u00e8s r\u00e9ception de votre r\u00e9servation, nous vous confirmerons la disponibilit\u00e9. Bienvenue \u00e0 La Loge de Vigne ! Offrez un s\u00e9jour ! Un cadeau original [&hellip;]","og_url":"https:\/\/www.loge-de-vigne.fr\/fr\/contact-reservation\/","og_site_name":"La Loge de Vigne","article_modified_time":"2021-04-20T10:55:20+00:00","twitter_card":"summary_large_image","twitter_misc":{"Dur\u00e9e de lecture estim\u00e9e":"3 minutes"},"schema":{"@context":"https:\/\/schema.org","@graph":[{"@type":"WebPage","@id":"https:\/\/www.loge-de-vigne.fr\/fr\/contact-reservation\/","url":"https:\/\/www.loge-de-vigne.fr\/fr\/contact-reservation\/","name":"Contact\/R\u00e9servation - La Loge de Vigne","isPartOf":{"@id":"https:\/\/www.loge-de-vigne.fr\/fr\/#website"},"datePublished":"2017-11-13T17:01:56+00:00","dateModified":"2021-04-20T10:55:20+00:00","breadcrumb":{"@id":"https:\/\/www.loge-de-vigne.fr\/fr\/contact-reservation\/#breadcrumb"},"inLanguage":"fr-FR","potentialAction":[{"@type":"ReadAction","target":["https:\/\/www.loge-de-vigne.fr\/fr\/contact-reservation\/"]}]},{"@type":"BreadcrumbList","@id":"https:\/\/www.loge-de-vigne.fr\/fr\/contact-reservation\/#breadcrumb","itemListElement":[{"@type":"ListItem","position":1,"name":"Accueil","item":"https:\/\/www.loge-de-vigne.fr\/fr\/"},{"@type":"ListItem","position":2,"name":"Contact\/R\u00e9servation"}]},{"@type":"WebSite","@id":"https:\/\/www.loge-de-vigne.fr\/fr\/#website","url":"https:\/\/www.loge-de-vigne.fr\/fr\/","name":"La Loge de Vigne","description":"Chambres d&#039;h\u00f4tes de charme en Champagne","potentialAction":[{"@type":"SearchAction","target":{"@type":"EntryPoint","urlTemplate":"https:\/\/www.loge-de-vigne.fr\/fr\/?s={search_term_string}"},"query-input":"required name=search_term_string"}],"inLanguage":"fr-FR"}]}},"_links":{"self":[{"href":"https:\/\/www.loge-de-vigne.fr\/fr\/wp-json\/wp\/v2\/pages\/102","targetHints":{"allow":["GET"]}}],"collection":[{"href":"https:\/\/www.loge-de-vigne.fr\/fr\/wp-json\/wp\/v2\/pages"}],"about":[{"href":"https:\/\/www.loge-de-vigne.fr\/fr\/wp-json\/wp\/v2\/types\/page"}],"author":[{"embeddable":true,"href":"https:\/\/www.loge-de-vigne.fr\/fr\/wp-json\/wp\/v2\/users\/1"}],"replies":[{"embeddable":true,"href":"https:\/\/www.loge-de-vigne.fr\/fr\/wp-json\/wp\/v2\/comments?post=102"}],"version-history":[{"count":27,"href":"https:\/\/www.loge-de-vigne.fr\/fr\/wp-json\/wp\/v2\/pages\/102\/revisions"}],"predecessor-version":[{"id":51561,"href":"https:\/\/www.loge-de-vigne.fr\/fr\/wp-json\/wp\/v2\/pages\/102\/revisions\/51561"}],"wp:attachment":[{"href":"https:\/\/www.loge-de-vigne.fr\/fr\/wp-json\/wp\/v2\/media?parent=102"}],"curies":[{"name":"wp","href":"https:\/\/api.w.org\/{rel}","templated":true}]}}